{"id":42699,"date":"2026-07-06T15:24:26","date_gmt":"2026-07-06T13:24:26","guid":{"rendered":"https:\/\/munozypujante.com\/protecao-de-dados\/"},"modified":"2026-08-28T10:59:04","modified_gmt":"2026-08-28T08:59:04","slug":"protecao-de-dados","status":"publish","type":"page","link":"https:\/\/munozypujante.com\/pt-pt\/protecao-de-dados\/","title":{"rendered":"Prote\u00e7\u00e3o de dados"},"content":{"rendered":"\n<h1 class=\"wp-block-heading\">Prote\u00e7\u00e3o de dados<\/h1>\n\n<p class=\"wp-block-paragraph\">A Dire\u00e7\u00e3o \/ \u00d3rg\u00e3o de Gest\u00e3o da <strong>SUCESORES DE MU\u00d1OZ Y Pujante, S.L.<\/strong> (doravante, o respons\u00e1vel pelo tratamento), assume a m\u00e1xima responsabilidade e compromisso com o estabelecimento, a implementa\u00e7\u00e3o e a manuten\u00e7\u00e3o da presente Pol\u00edtica de Prote\u00e7\u00e3o de Dados, garantindo a melhoria cont\u00ednua do respons\u00e1vel pelo tratamento, com o objetivo de alcan\u00e7ar a excel\u00eancia no que diz respeito ao cumprimento do Regulamento (UE) n.\u00ba 2016\/679 do Parlamento Europeu e do Conselho, de 27 de abril de 2016, relativo \u00e0 prote\u00e7\u00e3o das pessoas singulares no que diz respeito ao tratamento de dados pessoais e \u00e0 livre circula\u00e7\u00e3o desses dados e que revoga a Diretiva 95\/46\/CE (Regulamento Geral sobre a Prote\u00e7\u00e3o de Dados) (JOUE L 119\/1, 04-05-2016), e da legisla\u00e7\u00e3o espanhola em mat\u00e9ria de prote\u00e7\u00e3o de dados pessoais (Lei Org\u00e2nica, legisla\u00e7\u00e3o setorial espec\u00edfica e respetivas normas de execu\u00e7\u00e3o).<\/p>\n\n<p class=\"wp-block-paragraph\">A Pol\u00edtica de Prote\u00e7\u00e3o de Dados da <strong>SUCESORES DE MU\u00d1OZ Y Pujante, S.L.<\/strong> baseia-se no princ\u00edpio da responsabilidade proativa, segundo o qual o respons\u00e1vel pelo tratamento \u00e9 respons\u00e1vel pelo cumprimento do quadro normativo e jurisprudencial que rege essa Pol\u00edtica, e \u00e9 capaz de o demonstrar perante as autoridades de controlo competentes.<\/p>\n\n<p class=\"wp-block-paragraph\">Nesse sentido, o respons\u00e1vel pelo tratamento vai seguir os seguintes princ\u00edpios, que devem servir de orienta\u00e7\u00e3o e refer\u00eancia para todo o seu pessoal no tratamento de dados pessoais:<\/p>\n\n<ol class=\"wp-block-list\">\n<li>Prote\u00e7\u00e3o de dados desde a conce\u00e7\u00e3o: o respons\u00e1vel pelo tratamento vai aplicar, tanto na altura de definir os meios de tratamento como durante o pr\u00f3prio tratamento, medidas t\u00e9cnicas e organizativas adequadas, como a pseudonimiza\u00e7\u00e3o, concebidas para aplicar de forma eficaz os princ\u00edpios de prote\u00e7\u00e3o de dados, como a minimiza\u00e7\u00e3o de dados, e integrar as garantias necess\u00e1rias no tratamento.<\/li>\n\n\n\n<li>Prote\u00e7\u00e3o de dados por predefini\u00e7\u00e3o: o respons\u00e1vel pelo tratamento vai aplicar as medidas t\u00e9cnicas e organizativas adequadas para garantir que, por predefini\u00e7\u00e3o, s\u00f3 sejam tratados os dados pessoais que forem necess\u00e1rios para cada uma das finalidades espec\u00edficas do tratamento.<\/li>\n\n\n\n<li>Prote\u00e7\u00e3o de dados ao longo do ciclo de vida da informa\u00e7\u00e3o: as medidas que garantam a prote\u00e7\u00e3o dos dados pessoais ser\u00e3o aplic\u00e1veis durante todo o ciclo de vida da informa\u00e7\u00e3o.<\/li>\n\n\n\n<li>Legalidade, lealdade e transpar\u00eancia: os dados pessoais ser\u00e3o tratados de forma legal, leal e transparente em rela\u00e7\u00e3o ao titular dos dados.  <\/li>\n\n\n\n<li>Limita\u00e7\u00e3o da finalidade: os dados pessoais ser\u00e3o recolhidos para finalidades determinadas, expl\u00edcitas e leg\u00edtimas, e n\u00e3o ser\u00e3o posteriormente tratados de forma incompat\u00edvel com essas finalidades.<\/li>\n\n\n\n<li>Minimiza\u00e7\u00e3o dos dados: os dados pessoais devem ser adequados, pertinentes e limitados ao necess\u00e1rio em rela\u00e7\u00e3o \u00e0s finalidades para as quais s\u00e3o tratados.<\/li>\n\n\n\n<li>  Exatid\u00e3o: os dados pessoais v\u00e3o ser exatos e, se for preciso, atualizados; v\u00e3o ser tomadas todas as medidas razo\u00e1veis para que os dados pessoais que n\u00e3o estejam corretos em rela\u00e7\u00e3o aos fins para os quais s\u00e3o tratados sejam apagados ou retificados sem demora. A Pol\u00edtica de Prote\u00e7\u00e3o de Dados da <strong>SUCESORES DE MU\u00d1OZ Y Pujante, S.L.<\/strong> \u00e9 comunicada a todo o pessoal do respons\u00e1vel pelo tratamento e colocada \u00e0 disposi\u00e7\u00e3o de todas as partes interessadas. Por conseguinte, a presente Pol\u00edtica de Prote\u00e7\u00e3o de Dados envolve todo o pessoal do respons\u00e1vel pelo tratamento, que deve conhec\u00ea-la e assumi-la como se fosse sua, sendo cada membro respons\u00e1vel por aplic\u00e1-la e por verificar o cumprimento das normas de prote\u00e7\u00e3o de dados  <\/li>\n\n\n\n<li>Informa\u00e7\u00e3o e forma\u00e7\u00e3o: uma das chaves para garantir a prote\u00e7\u00e3o dos dados pessoais \u00e9 a forma\u00e7\u00e3o e a informa\u00e7\u00e3o que se d\u00e1 ao pessoal envolvido no tratamento desses dados. Ao longo do ciclo de vida da informa\u00e7\u00e3o, todo o pessoal com acesso aos dados receber\u00e1 forma\u00e7\u00e3o e informa\u00e7\u00e3o adequadas sobre as suas obriga\u00e7\u00f5es no que diz respeito ao cumprimento da legisla\u00e7\u00e3o em mat\u00e9ria de prote\u00e7\u00e3o de dados. <\/li>\n\n\n\n<li>Integridade e confidencialidade: os dados pessoais ser\u00e3o tratados de forma a garantir uma seguran\u00e7a adequada dos mesmos, incluindo a prote\u00e7\u00e3o contra o tratamento n\u00e3o autorizado ou il\u00edcito e contra a sua perda, destrui\u00e7\u00e3o ou danos acidentais, atrav\u00e9s da aplica\u00e7\u00e3o de medidas t\u00e9cnicas ou organizativas adequadas.  <\/li>\n\n\n\n<li>Limita\u00e7\u00e3o do prazo de conserva\u00e7\u00e3o: os dados pessoais ser\u00e3o conservados de forma a permitir a identifica\u00e7\u00e3o dos titulares apenas durante o tempo estritamente necess\u00e1rio para os fins do tratamento dos dados pessoais aplic\u00e1veis \u00e0 sua atividade, bem como para identificar e apresentar as oportunidades de melhoria que considere oportunas, com o objetivo de alcan\u00e7ar a excel\u00eancia no que diz respeito ao cumprimento das normas. Esta Pol\u00edtica ser\u00e1 revista pela Dire\u00e7\u00e3o \/ \u00d3rg\u00e3o de Governo da <strong>SUCESORES DE MU\u00d1OZ Y Pujante, S.L.<\/strong>, tantas vezes quantas forem consideradas necess\u00e1rias, para se adequar, em todos os momentos, \u00e0s disposi\u00e7\u00f5es em vigor em mat\u00e9ria de prote\u00e7\u00e3o de dados pessoais.  <\/li>\n<\/ol>\n\n<p class=\"wp-block-paragraph\"><strong>INFORMA\u00c7\u00c3O SOBRE A PROTE\u00c7\u00c3O DE DADOS, EM CONFORMIDADE COM O ESTABELECIDO NO REGULAMENTO (UE) 2016\/679<\/strong><\/p>\n\n<p class=\"wp-block-paragraph\">&#8211; Os dados pessoais que constam no teu curr\u00edculo, bem como os que forem recolhidos durante a entrevista, v\u00e3o ser usados para te incluir em v\u00e1rios processos de sele\u00e7\u00e3o que correspondam ao teu perfil ou que possam ser do teu interesse, n\u00e3o sendo tratados para qualquer outro fim sem ter obtido o teu consentimento pr\u00e9vio.<\/p>\n\n<p class=\"wp-block-paragraph\"><a><\/a><a><\/a>&#8211; S\u00f3 o pessoal devidamente autorizado poder\u00e1 tratar as informa\u00e7\u00f5es que constam no teu Curr\u00edculo.<\/p>\n\n<p class=\"wp-block-paragraph\"><a><\/a>&#8211; Al\u00e9m disso, comprometes-te a comunicar-nos quaisquer altera\u00e7\u00f5es que ocorram relativamente \u00e0s informa\u00e7\u00f5es constantes do Curr\u00edculo, para que possamos cumprir a finalidade descrita anteriormente.<\/p>\n\n<p class=\"wp-block-paragraph\"><a><\/a>&#8211; Os teus dados pessoais v\u00e3o ficar guardados durante um ano a contar da data em que apresentaste a candidatura a um emprego ou ao processo de sele\u00e7\u00e3o de pessoal. Assim que esse prazo acabar, vamos elimin\u00e1-los de forma segura. <\/p>\n\n<p class=\"wp-block-paragraph\"><a><\/a>&#8211; A qualquer momento, podes contactar-nos para saber quais s\u00e3o os dados que temos sobre ti, corrigi-los caso estejam incorretos e elimin\u00e1-los assim que a nossa rela\u00e7\u00e3o terminar, desde que isso seja legalmente poss\u00edvel. Tamb\u00e9m tens o direito de pedir que as tuas informa\u00e7\u00f5es sejam transferidas para outra entidade (portabilidade). Para exercer qualquer um destes direitos, tens de enviar um pedido por escrito para a nossa morada, juntamente com uma fotoc\u00f3pia do teu bilhete de identidade: <strong>SUCESORES DE MU\u00d1OZ Y PUJANTE, S.L.<\/strong>, com morada em <strong>Finca el Campillo, s\/n, CP 30110, Cabezo de Torres (M\u00farcia)<\/strong>, juntando uma fotoc\u00f3pia do teu bilhete de identidade.  <\/p>\n","protected":false},"excerpt":{"rendered":"<p>Prote\u00e7\u00e3o de dados A Dire\u00e7\u00e3o \/ \u00d3rg\u00e3o de Gest\u00e3o da SUCESORES DE MU\u00d1OZ Y Pujante,&hellip;<\/p>\n","protected":false},"author":6,"featured_media":0,"parent":0,"menu_order":0,"comment_status":"closed","ping_status":"closed","template":"","meta":{"footnotes":""},"class_list":["post-42699","page","type-page","status-publish","hentry"],"yoast_head":"<!-- This site is optimized with the Yoast SEO plugin v28.0 - https:\/\/yoast.com\/product\/yoast-seo-wordpress\/ -->\n<title>Pol\u00edtica de Prote\u00e7\u00e3o de Dados | Sucessores de Mu\u00f1oz y Pujante<\/title>\n<meta name=\"description\" content=\"Conhece a pol\u00edtica de prote\u00e7\u00e3o de dados e privacidade da Sucesores de Mu\u00f1oz y Pujante, S.L. Garantimos o cumprimento do RGPD e da legisla\u00e7\u00e3o espanhola em vigor.\" \/>\n<meta name=\"robots\" content=\"index, follow, max-snippet:-1, max-image-preview:large, max-video-preview:-1\" \/>\n<link rel=\"canonical\" href=\"https:\/\/munozypujante.com\/pt-pt\/protecao-de-dados\/\" \/>\n<meta property=\"og:locale\" content=\"pt_PT\" \/>\n<meta property=\"og:type\" content=\"article\" \/>\n<meta property=\"og:title\" content=\"Pol\u00edtica de Prote\u00e7\u00e3o de Dados | Sucessores de Mu\u00f1oz y Pujante\" \/>\n<meta property=\"og:description\" content=\"Conhece a pol\u00edtica de prote\u00e7\u00e3o de dados e privacidade da Sucesores de Mu\u00f1oz y Pujante, S.L. Garantimos o cumprimento do RGPD e da legisla\u00e7\u00e3o espanhola em vigor.\" \/>\n<meta property=\"og:url\" content=\"https:\/\/munozypujante.com\/pt-pt\/protecao-de-dados\/\" \/>\n<meta property=\"og:site_name\" content=\"Mu\u00f1oz y Pujante\" \/>\n<meta property=\"article:modified_time\" content=\"2026-08-28T08:59:04+00:00\" \/>\n<meta name=\"twitter:card\" content=\"summary_large_image\" \/>\n<meta name=\"twitter:label1\" content=\"Tempo estimado de leitura\" \/>\n\t<meta name=\"twitter:data1\" content=\"6 minutos\" \/>\n<script type=\"application\/ld+json\" class=\"yoast-schema-graph\">{\"@context\":\"https:\\\/\\\/schema.org\",\"@graph\":[{\"@type\":\"WebPage\",\"@id\":\"https:\\\/\\\/munozypujante.com\\\/pt-pt\\\/protecao-de-dados\\\/\",\"url\":\"https:\\\/\\\/munozypujante.com\\\/pt-pt\\\/protecao-de-dados\\\/\",\"name\":\"Pol\u00edtica de Prote\u00e7\u00e3o de Dados | Sucessores de Mu\u00f1oz y Pujante\",\"isPartOf\":{\"@id\":\"https:\\\/\\\/munozypujante.com\\\/pt-pt\\\/#website\"},\"datePublished\":\"2026-07-06T13:24:26+00:00\",\"dateModified\":\"2026-08-28T08:59:04+00:00\",\"description\":\"Conhece a pol\u00edtica de prote\u00e7\u00e3o de dados e privacidade da Sucesores de Mu\u00f1oz y Pujante, S.L. Garantimos o cumprimento do RGPD e da legisla\u00e7\u00e3o espanhola em vigor.\",\"breadcrumb\":{\"@id\":\"https:\\\/\\\/munozypujante.com\\\/pt-pt\\\/protecao-de-dados\\\/#breadcrumb\"},\"inLanguage\":\"pt-PT\",\"potentialAction\":[{\"@type\":\"ReadAction\",\"target\":[\"https:\\\/\\\/munozypujante.com\\\/pt-pt\\\/protecao-de-dados\\\/\"]}]},{\"@type\":\"BreadcrumbList\",\"@id\":\"https:\\\/\\\/munozypujante.com\\\/pt-pt\\\/protecao-de-dados\\\/#breadcrumb\",\"itemListElement\":[{\"@type\":\"ListItem\",\"position\":1,\"name\":\"Portada\",\"item\":\"https:\\\/\\\/munozypujante.com\\\/pt-pt\\\/\"},{\"@type\":\"ListItem\",\"position\":2,\"name\":\"Prote\u00e7\u00e3o de dados\"}]},{\"@type\":\"WebSite\",\"@id\":\"https:\\\/\\\/munozypujante.com\\\/pt-pt\\\/#website\",\"url\":\"https:\\\/\\\/munozypujante.com\\\/pt-pt\\\/\",\"name\":\"Mu\u00f1oz y Pujante\",\"description\":\"Mu\u00f1oz y Pujante. Piment\u00f3n de la Regi\u00f3n de Murcia. Empresa de especias\",\"publisher\":{\"@id\":\"https:\\\/\\\/munozypujante.com\\\/pt-pt\\\/#organization\"},\"potentialAction\":[{\"@type\":\"SearchAction\",\"target\":{\"@type\":\"EntryPoint\",\"urlTemplate\":\"https:\\\/\\\/munozypujante.com\\\/pt-pt\\\/?s={search_term_string}\"},\"query-input\":{\"@type\":\"PropertyValueSpecification\",\"valueRequired\":true,\"valueName\":\"search_term_string\"}}],\"inLanguage\":\"pt-PT\"},{\"@type\":\"Organization\",\"@id\":\"https:\\\/\\\/munozypujante.com\\\/pt-pt\\\/#organization\",\"name\":\"Mu\u00f1oz y Pujante\",\"url\":\"https:\\\/\\\/munozypujante.com\\\/pt-pt\\\/\",\"logo\":{\"@type\":\"ImageObject\",\"inLanguage\":\"pt-PT\",\"@id\":\"https:\\\/\\\/munozypujante.com\\\/pt-pt\\\/#\\\/schema\\\/logo\\\/image\\\/\",\"url\":\"https:\\\/\\\/munozypujante.com\\\/wp-content\\\/uploads\\\/2020\\\/07\\\/logo.png\",\"contentUrl\":\"https:\\\/\\\/munozypujante.com\\\/wp-content\\\/uploads\\\/2020\\\/07\\\/logo.png\",\"width\":380,\"height\":140,\"caption\":\"Mu\u00f1oz y Pujante\"},\"image\":{\"@id\":\"https:\\\/\\\/munozypujante.com\\\/pt-pt\\\/#\\\/schema\\\/logo\\\/image\\\/\"},\"sameAs\":[\"https:\\\/\\\/www.linkedin.com\\\/company\\\/sucesores-de-mu\u00f1oz-y-pujante-sl\",\"https:\\\/\\\/www.youtube.com\\\/channel\\\/UCV5ErftvkcpDNGlCJZK8eCA\"]}]}<\/script>\n<!-- \/ Yoast SEO plugin. -->","yoast_head_json":{"title":"Pol\u00edtica de Prote\u00e7\u00e3o de Dados | Sucessores de Mu\u00f1oz y Pujante","description":"Conhece a pol\u00edtica de prote\u00e7\u00e3o de dados e privacidade da Sucesores de Mu\u00f1oz y Pujante, S.L. Garantimos o cumprimento do RGPD e da legisla\u00e7\u00e3o espanhola em vigor.","robots":{"index":"index","follow":"follow","max-snippet":"max-snippet:-1","max-image-preview":"max-image-preview:large","max-video-preview":"max-video-preview:-1"},"canonical":"https:\/\/munozypujante.com\/pt-pt\/protecao-de-dados\/","og_locale":"pt_PT","og_type":"article","og_title":"Pol\u00edtica de Prote\u00e7\u00e3o de Dados | Sucessores de Mu\u00f1oz y Pujante","og_description":"Conhece a pol\u00edtica de prote\u00e7\u00e3o de dados e privacidade da Sucesores de Mu\u00f1oz y Pujante, S.L. Garantimos o cumprimento do RGPD e da legisla\u00e7\u00e3o espanhola em vigor.","og_url":"https:\/\/munozypujante.com\/pt-pt\/protecao-de-dados\/","og_site_name":"Mu\u00f1oz y Pujante","article_modified_time":"2026-08-28T08:59:04+00:00","twitter_card":"summary_large_image","twitter_misc":{"Tempo estimado de leitura":"6 minutos"},"schema":{"@context":"https:\/\/schema.org","@graph":[{"@type":"WebPage","@id":"https:\/\/munozypujante.com\/pt-pt\/protecao-de-dados\/","url":"https:\/\/munozypujante.com\/pt-pt\/protecao-de-dados\/","name":"Pol\u00edtica de Prote\u00e7\u00e3o de Dados | Sucessores de Mu\u00f1oz y Pujante","isPartOf":{"@id":"https:\/\/munozypujante.com\/pt-pt\/#website"},"datePublished":"2026-07-06T13:24:26+00:00","dateModified":"2026-08-28T08:59:04+00:00","description":"Conhece a pol\u00edtica de prote\u00e7\u00e3o de dados e privacidade da Sucesores de Mu\u00f1oz y Pujante, S.L. Garantimos o cumprimento do RGPD e da legisla\u00e7\u00e3o espanhola em vigor.","breadcrumb":{"@id":"https:\/\/munozypujante.com\/pt-pt\/protecao-de-dados\/#breadcrumb"},"inLanguage":"pt-PT","potentialAction":[{"@type":"ReadAction","target":["https:\/\/munozypujante.com\/pt-pt\/protecao-de-dados\/"]}]},{"@type":"BreadcrumbList","@id":"https:\/\/munozypujante.com\/pt-pt\/protecao-de-dados\/#breadcrumb","itemListElement":[{"@type":"ListItem","position":1,"name":"Portada","item":"https:\/\/munozypujante.com\/pt-pt\/"},{"@type":"ListItem","position":2,"name":"Prote\u00e7\u00e3o de dados"}]},{"@type":"WebSite","@id":"https:\/\/munozypujante.com\/pt-pt\/#website","url":"https:\/\/munozypujante.com\/pt-pt\/","name":"Mu\u00f1oz y Pujante","description":"Mu\u00f1oz y Pujante. Piment\u00f3n de la Regi\u00f3n de Murcia. Empresa de especias","publisher":{"@id":"https:\/\/munozypujante.com\/pt-pt\/#organization"},"potentialAction":[{"@type":"SearchAction","target":{"@type":"EntryPoint","urlTemplate":"https:\/\/munozypujante.com\/pt-pt\/?s={search_term_string}"},"query-input":{"@type":"PropertyValueSpecification","valueRequired":true,"valueName":"search_term_string"}}],"inLanguage":"pt-PT"},{"@type":"Organization","@id":"https:\/\/munozypujante.com\/pt-pt\/#organization","name":"Mu\u00f1oz y Pujante","url":"https:\/\/munozypujante.com\/pt-pt\/","logo":{"@type":"ImageObject","inLanguage":"pt-PT","@id":"https:\/\/munozypujante.com\/pt-pt\/#\/schema\/logo\/image\/","url":"https:\/\/munozypujante.com\/wp-content\/uploads\/2020\/07\/logo.png","contentUrl":"https:\/\/munozypujante.com\/wp-content\/uploads\/2020\/07\/logo.png","width":380,"height":140,"caption":"Mu\u00f1oz y Pujante"},"image":{"@id":"https:\/\/munozypujante.com\/pt-pt\/#\/schema\/logo\/image\/"},"sameAs":["https:\/\/www.linkedin.com\/company\/sucesores-de-mu\u00f1oz-y-pujante-sl","https:\/\/www.youtube.com\/channel\/UCV5ErftvkcpDNGlCJZK8eCA"]}]}},"_links":{"self":[{"href":"https:\/\/munozypujante.com\/pt-pt\/wp-json\/wp\/v2\/pages\/42699","targetHints":{"allow":["GET"]}}],"collection":[{"href":"https:\/\/munozypujante.com\/pt-pt\/wp-json\/wp\/v2\/pages"}],"about":[{"href":"https:\/\/munozypujante.com\/pt-pt\/wp-json\/wp\/v2\/types\/page"}],"author":[{"embeddable":true,"href":"https:\/\/munozypujante.com\/pt-pt\/wp-json\/wp\/v2\/users\/6"}],"replies":[{"embeddable":true,"href":"https:\/\/munozypujante.com\/pt-pt\/wp-json\/wp\/v2\/comments?post=42699"}],"version-history":[{"count":3,"href":"https:\/\/munozypujante.com\/pt-pt\/wp-json\/wp\/v2\/pages\/42699\/revisions"}],"predecessor-version":[{"id":42715,"href":"https:\/\/munozypujante.com\/pt-pt\/wp-json\/wp\/v2\/pages\/42699\/revisions\/42715"}],"wp:attachment":[{"href":"https:\/\/munozypujante.com\/pt-pt\/wp-json\/wp\/v2\/media?parent=42699"}],"curies":[{"name":"wp","href":"https:\/\/api.w.org\/{rel}","templated":true}]}}